{"id":498,"date":"2023-12-04T19:14:54","date_gmt":"2023-12-05T00:14:54","guid":{"rendered":"https:\/\/poblacion.com.co\/accesibilidad\/?page_id=498"},"modified":"2023-12-09T12:50:33","modified_gmt":"2023-12-09T17:50:33","slug":"discapacidad-y-educacion","status":"publish","type":"page","link":"https:\/\/poblacion.com.co\/accesibilidad\/discapacidad-y-educacion\/","title":{"rendered":"2. Discapacidad y Educaci\u00f3n"},"content":{"rendered":"\t\t<div data-elementor-type=\"wp-page\" data-elementor-id=\"498\" class=\"elementor elementor-498\" data-elementor-post-type=\"page\">\n\t\t\t\t\t\t\t<section class=\"elementor-element elementor-element-c0649ca e-flex e-con-boxed e-con e-parent\" data-id=\"c0649ca\" data-element_type=\"container\" id=\"content\" data-settings=\"{&quot;background_background&quot;:&quot;classic&quot;,&quot;container_type&quot;:&quot;flex&quot;,&quot;content_width&quot;:&quot;boxed&quot;}\" aria-label=\"menu\" data-core-v316-plus=\"true\">\n\t\t\t\t\t<div class=\"e-con-inner\">\n\t\t\t\t<div class=\"elementor-element elementor-element-39d852e elementor-widget__width-inherit elementor-widget elementor-widget-heading\" data-id=\"39d852e\" data-element_type=\"widget\" data-widget_type=\"heading.default\">\n\t\t\t\t<div class=\"elementor-widget-container\">\n\t\t\t<style>\/*! elementor - v3.18.0 - 04-12-2023 *\/\n.elementor-heading-title{padding:0;margin:0;line-height:1}.elementor-widget-heading .elementor-heading-title[class*=elementor-size-]>a{color:inherit;font-size:inherit;line-height:inherit}.elementor-widget-heading .elementor-heading-title.elementor-size-small{font-size:15px}.elementor-widget-heading .elementor-heading-title.elementor-size-medium{font-size:19px}.elementor-widget-heading .elementor-heading-title.elementor-size-large{font-size:29px}.elementor-widget-heading .elementor-heading-title.elementor-size-xl{font-size:39px}.elementor-widget-heading .elementor-heading-title.elementor-size-xxl{font-size:59px}<\/style><div class=\"elementor-heading-title elementor-size-default\"><a href=\"\/accesibilidad\/\">Inicio<\/a> \/ 2. Discapacidad y Educaci\u00f3n<\/div>\t\t<\/div>\n\t\t\t\t<\/div>\n\t\t\t\t<div class=\"elementor-element elementor-element-a785285 elementor-widget__width-initial elementor-widget-tablet__width-inherit elementor-widget elementor-widget-heading\" data-id=\"a785285\" data-element_type=\"widget\" tabindex=\"0\" data-widget_type=\"heading.default\">\n\t\t\t\t<div class=\"elementor-widget-container\">\n\t\t\t<h1 class=\"elementor-heading-title elementor-size-default\">2. Discapacidad y Educaci\u00f3n<\/h1>\t\t<\/div>\n\t\t\t\t<\/div>\n\t\t\t\t<div class=\"elementor-element elementor-element-412e535 elementor-tablet-align-left elementor-widget__width-initial elementor-widget-tablet__width-initial elementor-widget-mobile__width-inherit elementor-mobile-align-left elementor-icon-list--layout-traditional elementor-list-item-link-full_width elementor-widget elementor-widget-icon-list\" data-id=\"412e535\" data-element_type=\"widget\" data-widget_type=\"icon-list.default\">\n\t\t\t\t<div class=\"elementor-widget-container\">\n\t\t\t<link rel=\"stylesheet\" href=\"https:\/\/poblacion.com.co\/accesibilidad\/wp-content\/uploads\/elementor\/css\/custom-widget-icon-list.min.css?ver=1701972908\">\t\t<ul class=\"elementor-icon-list-items\">\n\t\t\t\t\t\t\t<li class=\"elementor-icon-list-item\">\n\t\t\t\t\t\t\t\t\t\t\t<a href=\"#fig5\">\n\n\t\t\t\t\t\t\t\t\t\t\t\t<span class=\"elementor-icon-list-icon\">\n\t\t\t\t\t\t\t<svg aria-hidden=\"true\" class=\"e-font-icon-svg e-fas-angle-down\" viewBox=\"0 0 320 512\" xmlns=\"http:\/\/www.w3.org\/2000\/svg\"><path d=\"M143 352.3L7 216.3c-9.4-9.4-9.4-24.6 0-33.9l22.6-22.6c9.4-9.4 24.6-9.4 33.9 0l96.4 96.4 96.4-96.4c9.4-9.4 24.6-9.4 33.9 0l22.6 22.6c9.4 9.4 9.4 24.6 0 33.9l-136 136c-9.2 9.4-24.4 9.4-33.8 0z\"><\/path><\/svg>\t\t\t\t\t\t<\/span>\n\t\t\t\t\t\t\t\t\t\t<span class=\"elementor-icon-list-text\">Figura 5<\/span>\n\t\t\t\t\t\t\t\t\t\t\t<\/a>\n\t\t\t\t\t\t\t\t\t<\/li>\n\t\t\t\t\t\t\t\t<li class=\"elementor-icon-list-item\">\n\t\t\t\t\t\t\t\t\t\t\t<a href=\"#fig6\">\n\n\t\t\t\t\t\t\t\t\t\t\t\t<span class=\"elementor-icon-list-icon\">\n\t\t\t\t\t\t\t<svg aria-hidden=\"true\" class=\"e-font-icon-svg e-fas-angle-down\" viewBox=\"0 0 320 512\" xmlns=\"http:\/\/www.w3.org\/2000\/svg\"><path d=\"M143 352.3L7 216.3c-9.4-9.4-9.4-24.6 0-33.9l22.6-22.6c9.4-9.4 24.6-9.4 33.9 0l96.4 96.4 96.4-96.4c9.4-9.4 24.6-9.4 33.9 0l22.6 22.6c9.4 9.4 9.4 24.6 0 33.9l-136 136c-9.2 9.4-24.4 9.4-33.8 0z\"><\/path><\/svg>\t\t\t\t\t\t<\/span>\n\t\t\t\t\t\t\t\t\t\t<span class=\"elementor-icon-list-text\">Figura 6<\/span>\n\t\t\t\t\t\t\t\t\t\t\t<\/a>\n\t\t\t\t\t\t\t\t\t<\/li>\n\t\t\t\t\t\t\t\t<li class=\"elementor-icon-list-item\">\n\t\t\t\t\t\t\t\t\t\t\t<a href=\"#fig7\">\n\n\t\t\t\t\t\t\t\t\t\t\t\t<span class=\"elementor-icon-list-icon\">\n\t\t\t\t\t\t\t<svg aria-hidden=\"true\" class=\"e-font-icon-svg e-fas-angle-down\" viewBox=\"0 0 320 512\" xmlns=\"http:\/\/www.w3.org\/2000\/svg\"><path d=\"M143 352.3L7 216.3c-9.4-9.4-9.4-24.6 0-33.9l22.6-22.6c9.4-9.4 24.6-9.4 33.9 0l96.4 96.4 96.4-96.4c9.4-9.4 24.6-9.4 33.9 0l22.6 22.6c9.4 9.4 9.4 24.6 0 33.9l-136 136c-9.2 9.4-24.4 9.4-33.8 0z\"><\/path><\/svg>\t\t\t\t\t\t<\/span>\n\t\t\t\t\t\t\t\t\t\t<span class=\"elementor-icon-list-text\">Figura 7<\/span>\n\t\t\t\t\t\t\t\t\t\t\t<\/a>\n\t\t\t\t\t\t\t\t\t<\/li>\n\t\t\t\t\t\t<\/ul>\n\t\t\t\t<\/div>\n\t\t\t\t<\/div>\n\t\t\t\t\t<\/div>\n\t\t\t\t<\/section>\n\t\t<main class=\"elementor-element elementor-element-eb1fda5 e-flex e-con-boxed e-con e-parent\" data-id=\"eb1fda5\" data-element_type=\"container\" data-settings=\"{&quot;background_background&quot;:&quot;classic&quot;,&quot;container_type&quot;:&quot;flex&quot;,&quot;content_width&quot;:&quot;boxed&quot;}\" data-core-v316-plus=\"true\">\n\t\t\t\t\t<div class=\"e-con-inner\">\n\t\t\t\t\t<\/div>\n\t\t\t\t<\/main>\n\t\t<section class=\"elementor-element elementor-element-5226cbf secc-b e-flex e-con-boxed e-con e-parent\" data-id=\"5226cbf\" data-element_type=\"container\" data-settings=\"{&quot;background_background&quot;:&quot;classic&quot;,&quot;container_type&quot;:&quot;flex&quot;,&quot;content_width&quot;:&quot;boxed&quot;}\" aria-label=\"Titulo\" data-core-v316-plus=\"true\">\n\t\t\t\t\t<div class=\"e-con-inner\">\n\t\t<div class=\"elementor-element elementor-element-3623332 e-con-full e-flex e-con e-child\" data-id=\"3623332\" data-element_type=\"container\" data-settings=\"{&quot;content_width&quot;:&quot;full&quot;,&quot;container_type&quot;:&quot;flex&quot;}\" tabindex=\"0\">\n\t\t\t\t<div class=\"elementor-element elementor-element-368ad8a elementor-widget-tablet__width-inherit elementor-widget__width-initial elementor-widget elementor-widget-heading\" data-id=\"368ad8a\" data-element_type=\"widget\" data-widget_type=\"heading.default\">\n\t\t\t\t<div class=\"elementor-widget-container\">\n\t\t\t<h2 class=\"elementor-heading-title elementor-size-default\">Relaci\u00f3n meta ODS apartado:<\/h2>\t\t<\/div>\n\t\t\t\t<\/div>\n\t\t\t\t<div class=\"elementor-element elementor-element-9076932 elementor-widget__width-initial elementor-widget elementor-widget-image\" data-id=\"9076932\" data-element_type=\"widget\" data-widget_type=\"image.default\">\n\t\t\t\t<div class=\"elementor-widget-container\">\n\t\t\t<style>\/*! elementor - v3.18.0 - 04-12-2023 *\/\n.elementor-widget-image{text-align:center}.elementor-widget-image a{display:inline-block}.elementor-widget-image a img[src$=\".svg\"]{width:48px}.elementor-widget-image img{vertical-align:middle;display:inline-block}<\/style>\t\t\t\t\t\t\t\t\t\t\t\t<img decoding=\"async\" width=\"160\" height=\"157\" src=\"https:\/\/poblacion.com.co\/accesibilidad\/wp-content\/uploads\/icon-mbhlm2.svg\" class=\"attachment-full size-full wp-image-1649\" alt=\"\" \/>\t\t\t\t\t\t\t\t\t\t\t\t\t\t\t<\/div>\n\t\t\t\t<\/div>\n\t\t\t\t<\/div>\n\t\t\t\t\t<\/div>\n\t\t\t\t<\/section>\n\t\t<section class=\"elementor-element elementor-element-79f5720 e-flex e-con-boxed e-con e-parent\" data-id=\"79f5720\" data-element_type=\"container\" data-settings=\"{&quot;background_background&quot;:&quot;gradient&quot;,&quot;container_type&quot;:&quot;flex&quot;,&quot;content_width&quot;:&quot;boxed&quot;}\" aria-label=\"O.D.S.\" data-core-v316-plus=\"true\">\n\t\t\t\t\t<div class=\"e-con-inner\">\n\t\t<div class=\"elementor-element elementor-element-44d4a70 e-con-full e-flex e-con e-child\" data-id=\"44d4a70\" data-element_type=\"container\" data-settings=\"{&quot;content_width&quot;:&quot;full&quot;,&quot;background_background&quot;:&quot;classic&quot;,&quot;container_type&quot;:&quot;flex&quot;}\" tabindex=\"0\">\n\t\t\t\t<div class=\"elementor-element elementor-element-ded4399 elementor-widget__width-initial elementor-widget elementor-widget-image\" data-id=\"ded4399\" data-element_type=\"widget\" data-widget_type=\"image.default\">\n\t\t\t\t<div class=\"elementor-widget-container\">\n\t\t\t\t\t\t\t\t\t\t\t\t\t\t\t<img decoding=\"async\" width=\"110\" height=\"108\" src=\"https:\/\/poblacion.com.co\/accesibilidad\/wp-content\/uploads\/icon-ods001.png\" class=\"attachment-full size-full wp-image-543\" alt=\"\" \/>\t\t\t\t\t\t\t\t\t\t\t\t\t\t\t<\/div>\n\t\t\t\t<\/div>\n\t\t\t\t<div class=\"elementor-element elementor-element-2b78847 elementor-widget elementor-widget-text-editor\" data-id=\"2b78847\" data-element_type=\"widget\" data-widget_type=\"text-editor.default\">\n\t\t\t\t<div class=\"elementor-widget-container\">\n\t\t\t<style>\/*! elementor - v3.18.0 - 04-12-2023 *\/\n.elementor-widget-text-editor.elementor-drop-cap-view-stacked .elementor-drop-cap{background-color:#69727d;color:#fff}.elementor-widget-text-editor.elementor-drop-cap-view-framed .elementor-drop-cap{color:#69727d;border:3px solid;background-color:transparent}.elementor-widget-text-editor:not(.elementor-drop-cap-view-default) .elementor-drop-cap{margin-top:8px}.elementor-widget-text-editor:not(.elementor-drop-cap-view-default) .elementor-drop-cap-letter{width:1em;height:1em}.elementor-widget-text-editor .elementor-drop-cap{float:left;text-align:center;line-height:1;font-size:50px}.elementor-widget-text-editor .elementor-drop-cap-letter{display:inline-block}<\/style>\t\t\t\t<p><strong><span style=\"color: #c1212d;\">4.5.<\/span><\/strong> Eliminar las disparidades de g\u00e9nero en la educaci\u00f3n y asegurar el acceso igualitario a todos los niveles de la ense\u00f1anza y la formaci\u00f3n profesional para las personas vulnerables, incluidas las personas con discapacidad, los pueblos ind\u00edgenas y los ni\u00f1os en situaciones de vulnerabilidad.<\/p>\t\t\t\t\t\t<\/div>\n\t\t\t\t<\/div>\n\t\t\t\t<\/div>\n\t\t<div class=\"elementor-element elementor-element-ee360c1 e-con-full e-flex e-con e-child\" data-id=\"ee360c1\" data-element_type=\"container\" data-settings=\"{&quot;content_width&quot;:&quot;full&quot;,&quot;background_background&quot;:&quot;classic&quot;,&quot;container_type&quot;:&quot;flex&quot;}\" tabindex=\"0\">\n\t\t\t\t<div class=\"elementor-element elementor-element-74468d6 elementor-widget__width-initial elementor-widget elementor-widget-image\" data-id=\"74468d6\" data-element_type=\"widget\" data-widget_type=\"image.default\">\n\t\t\t\t<div class=\"elementor-widget-container\">\n\t\t\t\t\t\t\t\t\t\t\t\t\t\t\t<img decoding=\"async\" width=\"112\" height=\"112\" src=\"https:\/\/poblacion.com.co\/accesibilidad\/wp-content\/uploads\/icon-ods002.png\" class=\"attachment-full size-full wp-image-544\" alt=\"\" \/>\t\t\t\t\t\t\t\t\t\t\t\t\t\t\t<\/div>\n\t\t\t\t<\/div>\n\t\t\t\t<div class=\"elementor-element elementor-element-35ea295 elementor-widget elementor-widget-text-editor\" data-id=\"35ea295\" data-element_type=\"widget\" data-widget_type=\"text-editor.default\">\n\t\t\t\t<div class=\"elementor-widget-container\">\n\t\t\t\t\t\t\t<p><strong><span style=\"color: #c1212d;\">4.a.<\/span><\/strong> Construir y adecuar instalaciones educativas que tengan en cuenta las necesidades de los ni\u00f1os y las personas con discapacidad.<\/p>\t\t\t\t\t\t<\/div>\n\t\t\t\t<\/div>\n\t\t\t\t<\/div>\n\t\t\t\t\t<\/div>\n\t\t\t\t<\/section>\n\t\t<section class=\"elementor-element elementor-element-98ada15 e-flex e-con-boxed e-con e-parent\" data-id=\"98ada15\" data-element_type=\"container\" id=\"fig5\" data-settings=\"{&quot;container_type&quot;:&quot;flex&quot;,&quot;content_width&quot;:&quot;boxed&quot;}\" aria-label=\"titulo 2\" data-core-v316-plus=\"true\">\n\t\t\t\t\t<div class=\"e-con-inner\">\n\t\t\t\t<div class=\"elementor-element elementor-element-fdfdcba elementor-widget-tablet__width-inherit elementor-widget elementor-widget-icon-box\" data-id=\"fdfdcba\" data-element_type=\"widget\" tabindex=\"0\" data-widget_type=\"icon-box.default\">\n\t\t\t\t<div class=\"elementor-widget-container\">\n\t\t\t<link rel=\"stylesheet\" href=\"https:\/\/poblacion.com.co\/accesibilidad\/wp-content\/uploads\/elementor\/css\/custom-widget-icon-box.min.css?ver=1701972908\">\t\t<div class=\"elementor-icon-box-wrapper\">\n\t\t\t\t\t\t<div class=\"elementor-icon-box-content\">\n\t\t\t\t<h3 class=\"elementor-icon-box-title\">\n\t\t\t\t\t<span  >\n\t\t\t\t\t\tGr\u00e1fica m\u00e1s reveladora:\t\t\t\t\t<\/span>\n\t\t\t\t<\/h3>\n\t\t\t\t\t\t\t<\/div>\n\t\t<\/div>\n\t\t\t\t<\/div>\n\t\t\t\t<\/div>\n\t\t\t\t\t<\/div>\n\t\t\t\t<\/section>\n\t\t<section class=\"elementor-element elementor-element-4199669 e-flex e-con-boxed e-con e-parent\" data-id=\"4199669\" data-element_type=\"container\" data-settings=\"{&quot;background_background&quot;:&quot;classic&quot;,&quot;container_type&quot;:&quot;flex&quot;,&quot;content_width&quot;:&quot;boxed&quot;}\" aria-label=\"Gr\u00e1fica 5\" data-core-v316-plus=\"true\">\n\t\t\t\t\t<div class=\"e-con-inner\">\n\t\t<div class=\"elementor-element elementor-element-f723cbd e-con-full e-flex e-con e-child\" data-id=\"f723cbd\" data-element_type=\"container\" data-settings=\"{&quot;content_width&quot;:&quot;full&quot;,&quot;container_type&quot;:&quot;flex&quot;}\">\n\t\t\t\t<div class=\"elementor-element elementor-element-711de98 elementor-widget-tablet__width-inherit elementor-widget elementor-widget-icon-box\" data-id=\"711de98\" data-element_type=\"widget\" tabindex=\"0\" data-widget_type=\"icon-box.default\">\n\t\t\t\t<div class=\"elementor-widget-container\">\n\t\t\t\t\t<div class=\"elementor-icon-box-wrapper\">\n\t\t\t\t\t\t<div class=\"elementor-icon-box-content\">\n\t\t\t\t<h3 class=\"elementor-icon-box-title\">\n\t\t\t\t\t<span  >\n\t\t\t\t\t\tFigura 5.\t\t\t\t\t<\/span>\n\t\t\t\t<\/h3>\n\t\t\t\t\t\t\t\t\t<p class=\"elementor-icon-box-description\">\n\t\t\t\t\t\tPorcentaje de personas entre 5 y 29 a\u00f1os sin educaci\u00f3n formal en Colombia, 2021\t\t\t\t\t<\/p>\n\t\t\t\t\t\t\t<\/div>\n\t\t<\/div>\n\t\t\t\t<\/div>\n\t\t\t\t<\/div>\n\t\t<div class=\"elementor-element elementor-element-dad99e0 e-flex e-con-boxed e-con e-child\" data-id=\"dad99e0\" data-element_type=\"container\" data-settings=\"{&quot;background_background&quot;:&quot;gradient&quot;,&quot;container_type&quot;:&quot;flex&quot;,&quot;content_width&quot;:&quot;boxed&quot;}\" tabindex=\"0\">\n\t\t\t\t\t<div class=\"e-con-inner\">\n\t\t\t\t<div class=\"elementor-element elementor-element-bd3602f elementor-widget elementor-widget-icon-box\" data-id=\"bd3602f\" data-element_type=\"widget\" data-widget_type=\"icon-box.default\">\n\t\t\t\t<div class=\"elementor-widget-container\">\n\t\t\t\t\t<div class=\"elementor-icon-box-wrapper\">\n\t\t\t\t\t\t<div class=\"elementor-icon-box-content\">\n\t\t\t\t<p class=\"elementor-icon-box-title\">\n\t\t\t\t\t<span  >\n\t\t\t\t\t\tEl porcentaje de personas entre\t\t\t\t\t<\/span>\n\t\t\t\t<\/p>\n\t\t\t\t\t\t\t\t\t<p class=\"elementor-icon-box-description\">\n\t\t\t\t\t\t5 y 29 a\u00f1os\t\t\t\t\t<\/p>\n\t\t\t\t\t\t\t<\/div>\n\t\t<\/div>\n\t\t\t\t<\/div>\n\t\t\t\t<\/div>\n\t\t\t\t<div class=\"elementor-element elementor-element-1149679 elementor-widget elementor-widget-icon-box\" data-id=\"1149679\" data-element_type=\"widget\" data-widget_type=\"icon-box.default\">\n\t\t\t\t<div class=\"elementor-widget-container\">\n\t\t\t\t\t<div class=\"elementor-icon-box-wrapper\">\n\t\t\t\t\t\t<div class=\"elementor-icon-box-content\">\n\t\t\t\t<p class=\"elementor-icon-box-title\">\n\t\t\t\t\t<span  >\n\t\t\t\t\t\tcon discapacidad que no tienen educaci\u00f3n formal es de\t\t\t\t\t<\/span>\n\t\t\t\t<\/p>\n\t\t\t\t\t\t\t<\/div>\n\t\t<\/div>\n\t\t\t\t<\/div>\n\t\t\t\t<\/div>\n\t\t\t\t<div class=\"elementor-element elementor-element-bc1a162 elementor-widget elementor-widget-icon-box\" data-id=\"bc1a162\" data-element_type=\"widget\" data-widget_type=\"icon-box.default\">\n\t\t\t\t<div class=\"elementor-widget-container\">\n\t\t\t\t\t<div class=\"elementor-icon-box-wrapper\">\n\t\t\t\t\t\t<div class=\"elementor-icon-box-content\">\n\t\t\t\t<h3 class=\"elementor-icon-box-title\">\n\t\t\t\t\t<span  >\n\t\t\t\t\t\t26,9\t\t\t\t\t<\/span>\n\t\t\t\t<\/h3>\n\t\t\t\t\t\t\t<\/div>\n\t\t<\/div>\n\t\t\t\t<\/div>\n\t\t\t\t<\/div>\n\t\t\t\t\t<\/div>\n\t\t\t\t<\/div>\n\t\t\t\t<\/div>\n\t\t\t\t<div class=\"elementor-element elementor-element-12bbd71 elementor-widget elementor-widget-image\" data-id=\"12bbd71\" data-element_type=\"widget\" tabindex=\"0\" data-widget_type=\"image.default\">\n\t\t\t\t<div class=\"elementor-widget-container\">\n\t\t\t\t\t\t\t\t\t\t\t\t\t\t\t<img loading=\"lazy\" decoding=\"async\" width=\"1041\" height=\"919\" src=\"https:\/\/poblacion.com.co\/accesibilidad\/wp-content\/uploads\/infog-grafica005.png\" class=\"attachment-full size-full wp-image-567\" alt=\"Figura 5 : Porcentaje de personas entre 5 y 29 a\u00f1os sin educaci\u00f3n formal en Colombia, 2021\" srcset=\"https:\/\/poblacion.com.co\/accesibilidad\/wp-content\/uploads\/infog-grafica005.png 1041w, https:\/\/poblacion.com.co\/accesibilidad\/wp-content\/uploads\/infog-grafica005-768x678.png 768w\" sizes=\"(max-width: 1041px) 100vw, 1041px\" \/>\t\t\t\t\t\t\t\t\t\t\t\t\t\t\t<\/div>\n\t\t\t\t<\/div>\n\t\t\t\t\t<\/div>\n\t\t\t\t<\/section>\n\t\t<section class=\"elementor-element elementor-element-8880a12 e-flex e-con-boxed e-con e-parent\" data-id=\"8880a12\" data-element_type=\"container\" id=\"fig6\" data-settings=\"{&quot;background_background&quot;:&quot;classic&quot;,&quot;container_type&quot;:&quot;flex&quot;,&quot;content_width&quot;:&quot;boxed&quot;}\" aria-label=\"Gr\u00e1fica 6\" data-core-v316-plus=\"true\">\n\t\t\t\t\t<div class=\"e-con-inner\">\n\t\t<div class=\"elementor-element elementor-element-76c350c e-con-full e-flex e-con e-child\" data-id=\"76c350c\" data-element_type=\"container\" data-settings=\"{&quot;content_width&quot;:&quot;full&quot;,&quot;container_type&quot;:&quot;flex&quot;}\" tabindex=\"0\">\n\t\t\t\t<div class=\"elementor-element elementor-element-65defd3 elementor-widget-tablet__width-inherit elementor-widget elementor-widget-icon-box\" data-id=\"65defd3\" data-element_type=\"widget\" data-widget_type=\"icon-box.default\">\n\t\t\t\t<div class=\"elementor-widget-container\">\n\t\t\t\t\t<div class=\"elementor-icon-box-wrapper\">\n\t\t\t\t\t\t<div class=\"elementor-icon-box-content\">\n\t\t\t\t<h3 class=\"elementor-icon-box-title\">\n\t\t\t\t\t<span  >\n\t\t\t\t\t\tFigura 6.\t\t\t\t\t<\/span>\n\t\t\t\t<\/h3>\n\t\t\t\t\t\t\t\t\t<p class=\"elementor-icon-box-description\">\n\t\t\t\t\t\tPorcentaje de personas de 20 a\u00f1os o m\u00e1s con estudios secundarios o superiores en Colombia, 2021\t\t\t\t\t<\/p>\n\t\t\t\t\t\t\t<\/div>\n\t\t<\/div>\n\t\t\t\t<\/div>\n\t\t\t\t<\/div>\n\t\t<div class=\"elementor-element elementor-element-9dd1c71 e-flex e-con-boxed e-con e-child\" data-id=\"9dd1c71\" data-element_type=\"container\" data-settings=\"{&quot;background_background&quot;:&quot;gradient&quot;,&quot;container_type&quot;:&quot;flex&quot;,&quot;content_width&quot;:&quot;boxed&quot;}\">\n\t\t\t\t\t<div class=\"e-con-inner\">\n\t\t\t\t<div class=\"elementor-element elementor-element-8df42ce elementor-widget elementor-widget-icon-box\" data-id=\"8df42ce\" data-element_type=\"widget\" data-widget_type=\"icon-box.default\">\n\t\t\t\t<div class=\"elementor-widget-container\">\n\t\t\t\t\t<div class=\"elementor-icon-box-wrapper\">\n\t\t\t\t\t\t<div class=\"elementor-icon-box-content\">\n\t\t\t\t<p class=\"elementor-icon-box-title\">\n\t\t\t\t\t<span  >\n\t\t\t\t\t\tLas personas con discapacidad tienen un menor nivel educativo con una diferencia de\t\t\t\t\t<\/span>\n\t\t\t\t<\/p>\n\t\t\t\t\t\t\t\t\t<p class=\"elementor-icon-box-description\">\n\t\t\t\t\t\t29 puntos\t\t\t\t\t<\/p>\n\t\t\t\t\t\t\t<\/div>\n\t\t<\/div>\n\t\t\t\t<\/div>\n\t\t\t\t<\/div>\n\t\t\t\t<div class=\"elementor-element elementor-element-09559e3 elementor-widget elementor-widget-icon-box\" data-id=\"09559e3\" data-element_type=\"widget\" data-widget_type=\"icon-box.default\">\n\t\t\t\t<div class=\"elementor-widget-container\">\n\t\t\t\t\t<div class=\"elementor-icon-box-wrapper\">\n\t\t\t\t\t\t<div class=\"elementor-icon-box-content\">\n\t\t\t\t<p class=\"elementor-icon-box-title\">\n\t\t\t\t\t<span  >\n\t\t\t\t\t\tporcentuales con respecto a la poblaci\u00f3n sin discapacidad.\t\t\t\t\t<\/span>\n\t\t\t\t<\/p>\n\t\t\t\t\t\t\t<\/div>\n\t\t<\/div>\n\t\t\t\t<\/div>\n\t\t\t\t<\/div>\n\t\t\t\t\t<\/div>\n\t\t\t\t<\/div>\n\t\t\t\t<\/div>\n\t\t\t\t<div class=\"elementor-element elementor-element-b623b6c elementor-widget elementor-widget-image\" data-id=\"b623b6c\" data-element_type=\"widget\" tabindex=\"0\" data-widget_type=\"image.default\">\n\t\t\t\t<div class=\"elementor-widget-container\">\n\t\t\t\t\t\t\t\t\t\t\t\t\t\t\t<img loading=\"lazy\" decoding=\"async\" width=\"1030\" height=\"870\" src=\"https:\/\/poblacion.com.co\/accesibilidad\/wp-content\/uploads\/infog-grafica006.png\" class=\"attachment-full size-full wp-image-580\" alt=\"Figura 6 : Porcentaje de personas de 20 a\u00f1os o m\u00e1s con estudios secundarios o superiores en Colombia, 2021\" srcset=\"https:\/\/poblacion.com.co\/accesibilidad\/wp-content\/uploads\/infog-grafica006.png 1030w, https:\/\/poblacion.com.co\/accesibilidad\/wp-content\/uploads\/infog-grafica006-768x649.png 768w\" sizes=\"(max-width: 1030px) 100vw, 1030px\" \/>\t\t\t\t\t\t\t\t\t\t\t\t\t\t\t<\/div>\n\t\t\t\t<\/div>\n\t\t\t\t\t<\/div>\n\t\t\t\t<\/section>\n\t\t<section class=\"elementor-element elementor-element-17050b5 e-flex e-con-boxed e-con e-parent\" data-id=\"17050b5\" data-element_type=\"container\" id=\"fig7\" data-settings=\"{&quot;background_background&quot;:&quot;classic&quot;,&quot;container_type&quot;:&quot;flex&quot;,&quot;content_width&quot;:&quot;boxed&quot;}\" aria-label=\"Gr\u00e1fica 7\" data-core-v316-plus=\"true\">\n\t\t\t\t\t<div class=\"e-con-inner\">\n\t\t<div class=\"elementor-element elementor-element-d8ff20a e-con-full e-flex e-con e-child\" data-id=\"d8ff20a\" data-element_type=\"container\" data-settings=\"{&quot;content_width&quot;:&quot;full&quot;,&quot;container_type&quot;:&quot;flex&quot;}\" tabindex=\"0\">\n\t\t\t\t<div class=\"elementor-element elementor-element-cbdfa60 elementor-widget-tablet__width-inherit elementor-widget elementor-widget-icon-box\" data-id=\"cbdfa60\" data-element_type=\"widget\" data-widget_type=\"icon-box.default\">\n\t\t\t\t<div class=\"elementor-widget-container\">\n\t\t\t\t\t<div class=\"elementor-icon-box-wrapper\">\n\t\t\t\t\t\t<div class=\"elementor-icon-box-content\">\n\t\t\t\t<h3 class=\"elementor-icon-box-title\">\n\t\t\t\t\t<span  >\n\t\t\t\t\t\tFigura 7.\t\t\t\t\t<\/span>\n\t\t\t\t<\/h3>\n\t\t\t\t\t\t\t\t\t<p class=\"elementor-icon-box-description\">\n\t\t\t\t\t\tProporci\u00f3n de poblaci\u00f3n con discapacidad entre 5 y 29 a\u00f1os, seg\u00fan sexo y nivel educativo en Colombia, 2021\t\t\t\t\t<\/p>\n\t\t\t\t\t\t\t<\/div>\n\t\t<\/div>\n\t\t\t\t<\/div>\n\t\t\t\t<\/div>\n\t\t<div class=\"elementor-element elementor-element-1e7cbe1 e-flex e-con-boxed e-con e-child\" data-id=\"1e7cbe1\" data-element_type=\"container\" data-settings=\"{&quot;background_background&quot;:&quot;classic&quot;,&quot;container_type&quot;:&quot;flex&quot;,&quot;content_width&quot;:&quot;boxed&quot;}\">\n\t\t\t\t\t<div class=\"e-con-inner\">\n\t\t\t\t<div class=\"elementor-element elementor-element-a0fef3c elementor-widget elementor-widget-icon-box\" data-id=\"a0fef3c\" data-element_type=\"widget\" data-widget_type=\"icon-box.default\">\n\t\t\t\t<div class=\"elementor-widget-container\">\n\t\t\t\t\t<div class=\"elementor-icon-box-wrapper\">\n\t\t\t\t\t\t<div class=\"elementor-icon-box-content\">\n\t\t\t\t<p class=\"elementor-icon-box-title\">\n\t\t\t\t\t<span  >\n\t\t\t\t\t\tDentro de la poblaci\u00f3n con discapacidad se observan disparidades por sexo por niveles de escolaridad y ello es evidencia de inequidades de g\u00e9nero.\t\t\t\t\t<\/span>\n\t\t\t\t<\/p>\n\t\t\t\t\t\t\t<\/div>\n\t\t<\/div>\n\t\t\t\t<\/div>\n\t\t\t\t<\/div>\n\t\t\t\t\t<\/div>\n\t\t\t\t<\/div>\n\t\t\t\t<\/div>\n\t\t\t\t<div class=\"elementor-element elementor-element-f2fc274 elementor-widget elementor-widget-image\" data-id=\"f2fc274\" data-element_type=\"widget\" tabindex=\"0\" data-widget_type=\"image.default\">\n\t\t\t\t<div class=\"elementor-widget-container\">\n\t\t\t\t\t\t\t\t\t\t\t\t\t\t\t<img loading=\"lazy\" decoding=\"async\" width=\"1257\" height=\"831\" src=\"https:\/\/poblacion.com.co\/accesibilidad\/wp-content\/uploads\/infog-grafica007.png\" class=\"attachment-full size-full wp-image-590\" alt=\"Fgura7 : Proporci\u00f3n de poblaci\u00f3n con discapacidad entre 5 y 29 a\u00f1os, seg\u00fan sexo y nivel educativo en Colombia, 2021\" srcset=\"https:\/\/poblacion.com.co\/accesibilidad\/wp-content\/uploads\/infog-grafica007.png 1257w, https:\/\/poblacion.com.co\/accesibilidad\/wp-content\/uploads\/infog-grafica007-768x508.png 768w\" sizes=\"(max-width: 1257px) 100vw, 1257px\" \/>\t\t\t\t\t\t\t\t\t\t\t\t\t\t\t<\/div>\n\t\t\t\t<\/div>\n\t\t\t\t\t<\/div>\n\t\t\t\t<\/section>\n\t\t<div class=\"elementor-element elementor-element-8f69d2c e-flex e-con-boxed e-con e-parent\" data-id=\"8f69d2c\" data-element_type=\"container\" data-settings=\"{&quot;container_type&quot;:&quot;flex&quot;,&quot;content_width&quot;:&quot;boxed&quot;}\" aria-label=\"hallazgos Gr\u00e1fica 7\" data-core-v316-plus=\"true\">\n\t\t\t\t\t<div class=\"e-con-inner\">\n\t\t<div class=\"elementor-element elementor-element-6d5d217 e-con-full e-flex e-con e-child\" data-id=\"6d5d217\" data-element_type=\"container\" data-settings=\"{&quot;content_width&quot;:&quot;full&quot;,&quot;container_type&quot;:&quot;flex&quot;}\" tabindex=\"0\">\n\t\t\t\t<div class=\"elementor-element elementor-element-fb26223 elementor-widget-tablet__width-inherit elementor-widget elementor-widget-icon-box\" data-id=\"fb26223\" data-element_type=\"widget\" data-widget_type=\"icon-box.default\">\n\t\t\t\t<div class=\"elementor-widget-container\">\n\t\t\t\t\t<div class=\"elementor-icon-box-wrapper\">\n\t\t\t\t\t\t<div class=\"elementor-icon-box-content\">\n\t\t\t\t<h3 class=\"elementor-icon-box-title\">\n\t\t\t\t\t<span  >\n\t\t\t\t\t\tHallazgos\t\t\t\t\t<\/span>\n\t\t\t\t<\/h3>\n\t\t\t\t\t\t\t<\/div>\n\t\t<\/div>\n\t\t\t\t<\/div>\n\t\t\t\t<\/div>\n\t\t\t\t<div class=\"elementor-element elementor-element-1f94411 elementor-widget__width-initial elementor-hidden-tablet elementor-hidden-mobile elementor-widget elementor-widget-image\" data-id=\"1f94411\" data-element_type=\"widget\" data-widget_type=\"image.default\">\n\t\t\t\t<div class=\"elementor-widget-container\">\n\t\t\t\t\t\t\t\t\t\t\t\t\t\t\t<img loading=\"lazy\" decoding=\"async\" width=\"428\" height=\"294\" src=\"https:\/\/poblacion.com.co\/accesibilidad\/wp-content\/uploads\/Grupo-1200.png\" class=\"attachment-large size-large wp-image-324\" alt=\"\" \/>\t\t\t\t\t\t\t\t\t\t\t\t\t\t\t<\/div>\n\t\t\t\t<\/div>\n\t\t\t\t<\/div>\n\t\t<div class=\"elementor-element elementor-element-4614af4 e-grid e-con-boxed e-con e-child\" data-id=\"4614af4\" data-element_type=\"container\" data-settings=\"{&quot;container_type&quot;:&quot;grid&quot;,&quot;grid_columns_grid&quot;:{&quot;unit&quot;:&quot;fr&quot;,&quot;size&quot;:1,&quot;sizes&quot;:[]},&quot;grid_rows_grid_mobile&quot;:{&quot;unit&quot;:&quot;fr&quot;,&quot;size&quot;:1,&quot;sizes&quot;:[]},&quot;content_width&quot;:&quot;boxed&quot;,&quot;grid_outline&quot;:&quot;yes&quot;,&quot;grid_columns_grid_tablet&quot;:{&quot;unit&quot;:&quot;fr&quot;,&quot;size&quot;:&quot;&quot;,&quot;sizes&quot;:[]},&quot;grid_columns_grid_mobile&quot;:{&quot;unit&quot;:&quot;fr&quot;,&quot;size&quot;:1,&quot;sizes&quot;:[]},&quot;grid_rows_grid&quot;:{&quot;unit&quot;:&quot;fr&quot;,&quot;size&quot;:2,&quot;sizes&quot;:[]},&quot;grid_rows_grid_tablet&quot;:{&quot;unit&quot;:&quot;fr&quot;,&quot;size&quot;:&quot;&quot;,&quot;sizes&quot;:[]},&quot;grid_auto_flow&quot;:&quot;row&quot;,&quot;grid_auto_flow_tablet&quot;:&quot;row&quot;,&quot;grid_auto_flow_mobile&quot;:&quot;row&quot;}\" aria-label=\"Halazgos grafica 7\">\n\t\t\t\t\t<div class=\"e-con-inner\">\n\t\t\t\t<div class=\"elementor-element elementor-element-b35881d elementor-position-left elementor-widget__width-inherit elementor-view-default elementor-mobile-position-top elementor-vertical-align-top elementor-widget elementor-widget-icon-box\" data-id=\"b35881d\" data-element_type=\"widget\" tabindex=\"0\" data-widget_type=\"icon-box.default\">\n\t\t\t\t<div class=\"elementor-widget-container\">\n\t\t\t\t\t<div class=\"elementor-icon-box-wrapper\">\n\t\t\t\t\t\t<div class=\"elementor-icon-box-icon\">\n\t\t\t\t<span  class=\"elementor-icon elementor-animation-\">\n\t\t\t\t<svg xmlns=\"http:\/\/www.w3.org\/2000\/svg\" width=\"41\" height=\"50\" viewBox=\"0 0 41 50\"><g transform=\"translate(0.304)\"><path id=\"Shape\" d=\"M22.028,0H.847A.84.84,0,0,0,0,.833a.84.84,0,0,0,.847.833h21.18a.84.84,0,0,0,.847-.833A.84.84,0,0,0,22.028,0Z\" transform=\"translate(10.958 20.833)\" fill=\"#00334d\"><\/path><path id=\"Shape-2\" data-name=\"Shape\" d=\"M.847,1.667H9.319a.84.84,0,0,0,.847-.833A.84.84,0,0,0,9.319,0H.847A.84.84,0,0,0,0,.833.84.84,0,0,0,.847,1.667Z\" transform=\"translate(10.958 14.167)\" fill=\"#00334d\"><\/path><path id=\"Shape-3\" data-name=\"Shape\" d=\"M22.028,0H.847A.84.84,0,0,0,0,.833a.84.84,0,0,0,.847.833h21.18a.84.84,0,0,0,.847-.833A.84.84,0,0,0,22.028,0Z\" transform=\"translate(10.958 27.5)\" fill=\"#00334d\"><\/path><path id=\"Shape-4\" data-name=\"Shape\" d=\"M22.028,0H.847A.84.84,0,0,0,0,.833a.84.84,0,0,0,.847.833h21.18a.84.84,0,0,0,.847-.833A.84.84,0,0,0,22.028,0Z\" transform=\"translate(10.958 34.167)\" fill=\"#00334d\"><\/path><path id=\"Shape-5\" data-name=\"Shape\" d=\"M22.028,0H.847A.84.84,0,0,0,0,.833a.84.84,0,0,0,.847.833h21.18a.84.84,0,0,0,.847-.833A.84.84,0,0,0,22.028,0Z\" transform=\"translate(10.958 40.833)\" fill=\"#00334d\"><\/path><path id=\"Shape-6\" data-name=\"Shape\" d=\"M41,50H4.271V45.832H0V0H36.73V12.155L41,16.321V50ZM5.979,5.833v42.5H39.292V17.5H27.334V5.833H5.979ZM1.708,1.667v42.5H4.271v-40h24.27l6.48,6.321V1.667ZM29.042,7.012h0v8.822h9.042L36.73,14.511l-7.688-7.5Z\" transform=\"translate(-0.304)\" fill=\"#00334d\"><\/path><\/g><\/svg>\t\t\t\t<\/span>\n\t\t\t<\/div>\n\t\t\t\t\t\t<div class=\"elementor-icon-box-content\">\n\t\t\t\t<h3 class=\"elementor-icon-box-title\">\n\t\t\t\t\t<span  >\n\t\t\t\t\t\tLas personas con discapacidad tienen un menor nivel educativo\t\t\t\t\t<\/span>\n\t\t\t\t<\/h3>\n\t\t\t\t\t\t\t\t\t<p class=\"elementor-icon-box-description\">\n\t\t\t\t\t\tque las personas sin discapacidad en 2021, lo cual limita la garant\u00eda de sus derechos. <em>El porcentaje de personas entre 5 y 29 a\u00f1os con discapacidad que no tienen educaci\u00f3n formal es de 26,9 puntos porcentuales por debajo de las personas sin discapacidad en el mismo grupo de edad.<\/em>\t\t\t\t\t<\/p>\n\t\t\t\t\t\t\t<\/div>\n\t\t<\/div>\n\t\t\t\t<\/div>\n\t\t\t\t<\/div>\n\t\t\t\t<div class=\"elementor-element elementor-element-3525827 elementor-position-left elementor-widget__width-inherit elementor-view-default elementor-mobile-position-top elementor-vertical-align-top elementor-widget elementor-widget-icon-box\" data-id=\"3525827\" data-element_type=\"widget\" tabindex=\"0\" data-widget_type=\"icon-box.default\">\n\t\t\t\t<div class=\"elementor-widget-container\">\n\t\t\t\t\t<div class=\"elementor-icon-box-wrapper\">\n\t\t\t\t\t\t<div class=\"elementor-icon-box-icon\">\n\t\t\t\t<span  class=\"elementor-icon elementor-animation-\">\n\t\t\t\t<svg xmlns=\"http:\/\/www.w3.org\/2000\/svg\" width=\"41\" height=\"50\" viewBox=\"0 0 41 50\"><g transform=\"translate(0.304)\"><path id=\"Shape\" d=\"M22.028,0H.847A.84.84,0,0,0,0,.833a.84.84,0,0,0,.847.833h21.18a.84.84,0,0,0,.847-.833A.84.84,0,0,0,22.028,0Z\" transform=\"translate(10.958 20.833)\" fill=\"#00334d\"><\/path><path id=\"Shape-2\" data-name=\"Shape\" d=\"M.847,1.667H9.319a.84.84,0,0,0,.847-.833A.84.84,0,0,0,9.319,0H.847A.84.84,0,0,0,0,.833.84.84,0,0,0,.847,1.667Z\" transform=\"translate(10.958 14.167)\" fill=\"#00334d\"><\/path><path id=\"Shape-3\" data-name=\"Shape\" d=\"M22.028,0H.847A.84.84,0,0,0,0,.833a.84.84,0,0,0,.847.833h21.18a.84.84,0,0,0,.847-.833A.84.84,0,0,0,22.028,0Z\" transform=\"translate(10.958 27.5)\" fill=\"#00334d\"><\/path><path id=\"Shape-4\" data-name=\"Shape\" d=\"M22.028,0H.847A.84.84,0,0,0,0,.833a.84.84,0,0,0,.847.833h21.18a.84.84,0,0,0,.847-.833A.84.84,0,0,0,22.028,0Z\" transform=\"translate(10.958 34.167)\" fill=\"#00334d\"><\/path><path id=\"Shape-5\" data-name=\"Shape\" d=\"M22.028,0H.847A.84.84,0,0,0,0,.833a.84.84,0,0,0,.847.833h21.18a.84.84,0,0,0,.847-.833A.84.84,0,0,0,22.028,0Z\" transform=\"translate(10.958 40.833)\" fill=\"#00334d\"><\/path><path id=\"Shape-6\" data-name=\"Shape\" d=\"M41,50H4.271V45.832H0V0H36.73V12.155L41,16.321V50ZM5.979,5.833v42.5H39.292V17.5H27.334V5.833H5.979ZM1.708,1.667v42.5H4.271v-40h24.27l6.48,6.321V1.667ZM29.042,7.012h0v8.822h9.042L36.73,14.511l-7.688-7.5Z\" transform=\"translate(-0.304)\" fill=\"#00334d\"><\/path><\/g><\/svg>\t\t\t\t<\/span>\n\t\t\t<\/div>\n\t\t\t\t\t\t<div class=\"elementor-icon-box-content\">\n\t\t\t\t<h3 class=\"elementor-icon-box-title\">\n\t\t\t\t\t<span  >\n\t\t\t\t\t\tLas personas con discapacidad tienen un menor nivel educativo\t\t\t\t\t<\/span>\n\t\t\t\t<\/h3>\n\t\t\t\t\t\t\t\t\t<p class=\"elementor-icon-box-description\">\n\t\t\t\t\t\t<em>con una diferencia de 29 puntos porcentuales con respecto a la poblaci\u00f3n sin discapacidad.<\/em> La disparidad educativa de la poblaci\u00f3n con discapacidad afecta su calidad de vida, considerando que el nivel educativo es uno de los determinantes para acceder al mercado laboral.\t\t\t\t\t<\/p>\n\t\t\t\t\t\t\t<\/div>\n\t\t<\/div>\n\t\t\t\t<\/div>\n\t\t\t\t<\/div>\n\t\t\t\t<div class=\"elementor-element elementor-element-69203af elementor-position-left elementor-widget__width-inherit elementor-view-default elementor-mobile-position-top elementor-vertical-align-top elementor-widget elementor-widget-icon-box\" data-id=\"69203af\" data-element_type=\"widget\" tabindex=\"0\" data-widget_type=\"icon-box.default\">\n\t\t\t\t<div class=\"elementor-widget-container\">\n\t\t\t\t\t<div class=\"elementor-icon-box-wrapper\">\n\t\t\t\t\t\t<div class=\"elementor-icon-box-icon\">\n\t\t\t\t<span  class=\"elementor-icon elementor-animation-\">\n\t\t\t\t<svg xmlns=\"http:\/\/www.w3.org\/2000\/svg\" width=\"41\" height=\"50\" viewBox=\"0 0 41 50\"><g transform=\"translate(0.304)\"><path id=\"Shape\" d=\"M22.028,0H.847A.84.84,0,0,0,0,.833a.84.84,0,0,0,.847.833h21.18a.84.84,0,0,0,.847-.833A.84.84,0,0,0,22.028,0Z\" transform=\"translate(10.958 20.833)\" fill=\"#00334d\"><\/path><path id=\"Shape-2\" data-name=\"Shape\" d=\"M.847,1.667H9.319a.84.84,0,0,0,.847-.833A.84.84,0,0,0,9.319,0H.847A.84.84,0,0,0,0,.833.84.84,0,0,0,.847,1.667Z\" transform=\"translate(10.958 14.167)\" fill=\"#00334d\"><\/path><path id=\"Shape-3\" data-name=\"Shape\" d=\"M22.028,0H.847A.84.84,0,0,0,0,.833a.84.84,0,0,0,.847.833h21.18a.84.84,0,0,0,.847-.833A.84.84,0,0,0,22.028,0Z\" transform=\"translate(10.958 27.5)\" fill=\"#00334d\"><\/path><path id=\"Shape-4\" data-name=\"Shape\" d=\"M22.028,0H.847A.84.84,0,0,0,0,.833a.84.84,0,0,0,.847.833h21.18a.84.84,0,0,0,.847-.833A.84.84,0,0,0,22.028,0Z\" transform=\"translate(10.958 34.167)\" fill=\"#00334d\"><\/path><path id=\"Shape-5\" data-name=\"Shape\" d=\"M22.028,0H.847A.84.84,0,0,0,0,.833a.84.84,0,0,0,.847.833h21.18a.84.84,0,0,0,.847-.833A.84.84,0,0,0,22.028,0Z\" transform=\"translate(10.958 40.833)\" fill=\"#00334d\"><\/path><path id=\"Shape-6\" data-name=\"Shape\" d=\"M41,50H4.271V45.832H0V0H36.73V12.155L41,16.321V50ZM5.979,5.833v42.5H39.292V17.5H27.334V5.833H5.979ZM1.708,1.667v42.5H4.271v-40h24.27l6.48,6.321V1.667ZM29.042,7.012h0v8.822h9.042L36.73,14.511l-7.688-7.5Z\" transform=\"translate(-0.304)\" fill=\"#00334d\"><\/path><\/g><\/svg>\t\t\t\t<\/span>\n\t\t\t<\/div>\n\t\t\t\t\t\t<div class=\"elementor-icon-box-content\">\n\t\t\t\t<h3 class=\"elementor-icon-box-title\">\n\t\t\t\t\t<span  >\n\t\t\t\t\t\tDentro de la poblaci\u00f3n con discapacidad\t\t\t\t\t<\/span>\n\t\t\t\t<\/h3>\n\t\t\t\t\t\t\t\t\t<p class=\"elementor-icon-box-description\">\n\t\t\t\t\t\tse observan disparidades por sexo por niveles de escolaridad y ello es evidencia de inequidades de g\u00e9nero. A excepci\u00f3n del nivel de educaci\u00f3n terciaria, las mujeres con discapacidad cuentan con un menor nivel de escolaridad que los hombres con discapacidad. <em>Para el logro de educaci\u00f3n superior o terciaria, aproximadamente el 11% de las mujeres con discapacidad reportan tener educaci\u00f3n terciaria, en contraste con el 6,8% de los hombres, lo cual refleja una brecha de g\u00e9nero de 3,9 p.p en este ciclo de formaci\u00f3n.<\/em>\t\t\t\t\t<\/p>\n\t\t\t\t\t\t\t<\/div>\n\t\t<\/div>\n\t\t\t\t<\/div>\n\t\t\t\t<\/div>\n\t\t\t\t<div class=\"elementor-element elementor-element-77e43ee elementor-position-left elementor-widget__width-inherit elementor-view-default elementor-mobile-position-top elementor-vertical-align-top elementor-widget elementor-widget-icon-box\" data-id=\"77e43ee\" data-element_type=\"widget\" tabindex=\"0\" data-widget_type=\"icon-box.default\">\n\t\t\t\t<div class=\"elementor-widget-container\">\n\t\t\t\t\t<div class=\"elementor-icon-box-wrapper\">\n\t\t\t\t\t\t<div class=\"elementor-icon-box-icon\">\n\t\t\t\t<span  class=\"elementor-icon elementor-animation-\">\n\t\t\t\t<svg xmlns=\"http:\/\/www.w3.org\/2000\/svg\" width=\"41\" height=\"50\" viewBox=\"0 0 41 50\"><g transform=\"translate(0.304)\"><path id=\"Shape\" d=\"M22.028,0H.847A.84.84,0,0,0,0,.833a.84.84,0,0,0,.847.833h21.18a.84.84,0,0,0,.847-.833A.84.84,0,0,0,22.028,0Z\" transform=\"translate(10.958 20.833)\" fill=\"#00334d\"><\/path><path id=\"Shape-2\" data-name=\"Shape\" d=\"M.847,1.667H9.319a.84.84,0,0,0,.847-.833A.84.84,0,0,0,9.319,0H.847A.84.84,0,0,0,0,.833.84.84,0,0,0,.847,1.667Z\" transform=\"translate(10.958 14.167)\" fill=\"#00334d\"><\/path><path id=\"Shape-3\" data-name=\"Shape\" d=\"M22.028,0H.847A.84.84,0,0,0,0,.833a.84.84,0,0,0,.847.833h21.18a.84.84,0,0,0,.847-.833A.84.84,0,0,0,22.028,0Z\" transform=\"translate(10.958 27.5)\" fill=\"#00334d\"><\/path><path id=\"Shape-4\" data-name=\"Shape\" d=\"M22.028,0H.847A.84.84,0,0,0,0,.833a.84.84,0,0,0,.847.833h21.18a.84.84,0,0,0,.847-.833A.84.84,0,0,0,22.028,0Z\" transform=\"translate(10.958 34.167)\" fill=\"#00334d\"><\/path><path id=\"Shape-5\" data-name=\"Shape\" d=\"M22.028,0H.847A.84.84,0,0,0,0,.833a.84.84,0,0,0,.847.833h21.18a.84.84,0,0,0,.847-.833A.84.84,0,0,0,22.028,0Z\" transform=\"translate(10.958 40.833)\" fill=\"#00334d\"><\/path><path id=\"Shape-6\" data-name=\"Shape\" d=\"M41,50H4.271V45.832H0V0H36.73V12.155L41,16.321V50ZM5.979,5.833v42.5H39.292V17.5H27.334V5.833H5.979ZM1.708,1.667v42.5H4.271v-40h24.27l6.48,6.321V1.667ZM29.042,7.012h0v8.822h9.042L36.73,14.511l-7.688-7.5Z\" transform=\"translate(-0.304)\" fill=\"#00334d\"><\/path><\/g><\/svg>\t\t\t\t<\/span>\n\t\t\t<\/div>\n\t\t\t\t\t\t<div class=\"elementor-icon-box-content\">\n\t\t\t\t<h3 class=\"elementor-icon-box-title\">\n\t\t\t\t\t<span  >\n\t\t\t\t\t\tLa mayor brecha por nivel de escolaridad\t\t\t\t\t<\/span>\n\t\t\t\t<\/h3>\n\t\t\t\t\t\t\t\t\t<p class=\"elementor-icon-box-description\">\n\t\t\t\t\t\t<em>entre hombres y mujeres con discapacidad se presenta en el nivel sin educaci\u00f3n formal (10,5 p.p).<\/em>\t\t\t\t\t<\/p>\n\t\t\t\t\t\t\t<\/div>\n\t\t<\/div>\n\t\t\t\t<\/div>\n\t\t\t\t<\/div>\n\t\t\t\t\t<\/div>\n\t\t\t\t<\/div>\n\t\t\t\t\t<\/div>\n\t\t\t\t<\/div>\n\t\t\t\t\t\t\t<\/div>\n\t\t","protected":false},"excerpt":{"rendered":"<p>Figura 5 Figura 6 Figura 7 Relaci\u00f3n meta ODS apartado: 4.5. Eliminar las disparidades de g\u00e9nero en la educaci\u00f3n y asegurar el acceso igualitario a todos los niveles de la ense\u00f1anza y la formaci\u00f3n profesional para las personas vulnerables, incluidas las personas con discapacidad, los pueblos ind\u00edgenas y los ni\u00f1os en situaciones de vulnerabilidad. 4.a. [&hellip;]<\/p>\n","protected":false},"author":1,"featured_media":0,"parent":0,"menu_order":0,"comment_status":"closed","ping_status":"closed","template":"","meta":{"footnotes":""},"wf_page_folders":[3],"_links":{"self":[{"href":"https:\/\/poblacion.com.co\/accesibilidad\/wp-json\/wp\/v2\/pages\/498"}],"collection":[{"href":"https:\/\/poblacion.com.co\/accesibilidad\/wp-json\/wp\/v2\/pages"}],"about":[{"href":"https:\/\/poblacion.com.co\/accesibilidad\/wp-json\/wp\/v2\/types\/page"}],"author":[{"embeddable":true,"href":"https:\/\/poblacion.com.co\/accesibilidad\/wp-json\/wp\/v2\/users\/1"}],"replies":[{"embeddable":true,"href":"https:\/\/poblacion.com.co\/accesibilidad\/wp-json\/wp\/v2\/comments?post=498"}],"version-history":[{"count":173,"href":"https:\/\/poblacion.com.co\/accesibilidad\/wp-json\/wp\/v2\/pages\/498\/revisions"}],"predecessor-version":[{"id":2036,"href":"https:\/\/poblacion.com.co\/accesibilidad\/wp-json\/wp\/v2\/pages\/498\/revisions\/2036"}],"wp:attachment":[{"href":"https:\/\/poblacion.com.co\/accesibilidad\/wp-json\/wp\/v2\/media?parent=498"}],"wp:term":[{"taxonomy":"wf_page_folders","embeddable":true,"href":"https:\/\/poblacion.com.co\/accesibilidad\/wp-json\/wp\/v2\/wf_page_folders?post=498"}],"curies":[{"name":"wp","href":"https:\/\/api.w.org\/{rel}","templated":true}]}}